{"id":858,"date":"2010-04-12T16:06:51","date_gmt":"2010-04-12T14:06:51","guid":{"rendered":"http:\/\/deti.casd.cz\/?page_id=858"},"modified":"2010-05-04T21:40:08","modified_gmt":"2010-05-04T19:40:08","slug":"deti-a-ja","status":"publish","type":"page","link":"https:\/\/deti.casd.cz\/?page_id=858","title":{"rendered":"D\u011bti a j\u00e1"},"content":{"rendered":"<p><span style=\"text-decoration: underline;\"><strong>Aby  medv\u011bdi netrhali d\u011bti<\/strong><\/span><\/p>\n<p>Ve star\u00e9m  z\u00e1kon\u011b je zaznamenan\u00e1 kr\u00e1tk\u00e1 epizoda, kdy medv\u011bdice roztrhala 42 d\u011bt\u00ed. (  2. Kr\u00e1l. 2: 23 &#8211; 25) Zd\u00e1lo by se, \u017ee tato epizoda je p\u0159ili\u0161 morbidn\u00ed,  ne\u017e aby st\u00e1lo za to nad n\u00ed p\u0159em\u00fd\u0161let\u2026<\/p>\n<p>Mysl\u00edm, \u017ee si  m\u016f\u017eeme polo\u017eit ot\u00e1zku, kter\u00e1 se nab\u00edz\u00ed. Pro\u010d d\u011bti jednaly tak, jak  jednaly? Pro\u010d se uch\u00fdlily k\u00a0posm\u00edv\u00e1n\u00ed?\u00a0 Mnohokr\u00e1t sly\u0161\u00edme, \u017ee dne\u0161n\u00ed  ml\u00e1de\u017e je nevychovan\u00e1, nem\u00e1 \u00factu a ni\u010deho si nev\u00e1\u017e\u00ed. Pr\u00e1v\u011b v\u00a0t\u011bchto  dnech, pod vlivem politiky, byl nato\u010den klip s\u00a0n\u00e1zvem \u201eP\u0159emluv b\u00e1bu\u201c,  jako by sta\u0159\u00ed lid\u00e9 nebyli sv\u00e9pr\u00e1vn\u00ed. Na facebooku, pod n\u00e1zvem \u201eJejich  rev\u00edrem je Kaufland, jejich tempo je vra\u017eedn\u00e9\u201c, \u00a0je te\u010f mnoho diskut\u00e9r\u016f,  zam\u011b\u0159en\u00fdch na starou generaci, kter\u00e1 nep\u0159im\u011b\u0159en\u011b uj\u00edd\u00e1 ze spole\u010dn\u00e9ho  kraj\u00edce a to na \u00fakor mlad\u00e9 generace. \u00a0\u00a0\u00a0\u00a0\u00a0\u00a0\u00a0\u00a0\u00a0\u00a0\u00a0\u00a0\u00a0St\u00e1le v\u00edce se tak\u00e9 na  \u0161kol\u00e1ch \u0159e\u0161\u00ed \u0161ikana. Na prvn\u00ed pohled se skute\u010dn\u011b m\u016f\u017ee jevit, \u017ee  odpov\u011bdnost le\u017e\u00ed na mlad\u00e9 generaci. P\u0159i hlub\u0161\u00ed anal\u00fdze dojdeme k\u00a0z\u00e1v\u011bru,  \u017ee d\u011bti z\u00a0velk\u00e9 m\u00edry kop\u00edruj\u00ed p\u0159edstaven\u00fd model.<\/p>\n<p>V\u00a0t\u00e9to  souvislosti chci povzbudit ty, kte\u0159\u00ed p\u0159ijali \u00fakol rodi\u010dovsk\u00fd nebo  pedagogick\u00fd. Ur\u010dit\u011b nejde o zodpov\u011bdnost jednoduchou a nem\u00e1m zaru\u010den\u00fd  recept na \u00fasp\u011b\u0161nou v\u00fdchovu. M\u00e1me v\u0161ak velk\u00fd vzor v\u00a0Bo\u017e\u00edm slov\u011b. Z\u00a0t\u00e9to  u\u010debnice mohou \u010derpat jak pedagogov\u00e9, tak rodi\u010de. Abychom mohli  ovliv\u0148ovat druh\u00e9, tedy na\u0161e d\u011bti, pot\u0159ebujeme b\u00fdt co nejv\u00edce pod vlivem  nebesk\u00e9ho Otce. Nebojme se uk\u00e1zat d\u011btem p\u0159\u00edkladn\u00e9 modely jedn\u00e1n\u00ed nejen  z\u00a0bible, ale tak\u00e9 ze sv\u00e9ho \u017eivota. D\u011bti sleduj\u00ed jak se vyjad\u0159ujeme  k\u00a0r\u016fzn\u00fdm lidem, generac\u00edm, financ\u00edm, duchovn\u00edm v\u011bcem, c\u00edrkvi, atd.  M\u016f\u017eeme m\u00edt bibli v\u00a0pozlacen\u00e9 o\u0159\u00edzce, pravideln\u011b nav\u0161t\u011bvovat sobotn\u00ed  shrom\u00e1\u017ed\u011bn\u00ed, m\u00edt perfektn\u011b zpracovan\u00e9 d\u011btsk\u00e9 u\u010debnice, ale pokud na\u0161e  d\u011bti neuvid\u00ed, \u017ee se podle dan\u00fdch pravidel chceme tak\u00e9 \u0159\u00eddit, zhodnot\u00ed to  jako pokrytectv\u00ed a nebudou m\u00edt touhu u\u010dit se od dosp\u011bl\u00fdch.<\/p>\n<p>Bolestn\u00e9 je  to, \u017ee na\u0161e d\u011bti mnohdy je\u0161t\u011b neum\u00ed odhadnout d\u016fsledky sv\u00e9ho jedn\u00e1n\u00ed.  Mysl\u00ed si, \u017ee h\u0159\u00edch nen\u00ed tak nebezpe\u010dn\u00fd. Jen\u017ee d\u016fsledky se nevyh\u00fdbaj\u00ed ani  d\u011btem. Pr\u00e1v\u011b zde m\u016f\u017ee zafungovat rodi\u010d \u010di u\u010ditel, kter\u00fd na nebezpe\u010d\u00ed  upozorn\u00ed. Nen\u00ed to proto, \u017ee by cht\u011bl d\u011bti stra\u0161it, ale proto, \u017ee je chce  ochr\u00e1nit p\u0159ed medv\u011bdy. C\u00edlem v\u00fdchovy nen\u00ed uchr\u00e1nit d\u011bti p\u0159ed chybami,  ale nau\u010dit je milovat Boha a sv\u00e9 bli\u017en\u00ed. Pak se nemus\u00edme b\u00e1t, \u017ee p\u0159ijde  medv\u011bd a p\u0159iprav\u00ed na\u0161e d\u011bti o v\u011b\u010dn\u00fd \u017eivot.<\/p>\n<p>\u201e\u00a0  Hospodine, pros\u00edm, pomoz n\u00e1m p\u0159i v\u00fdchov\u011b na\u0161ich d\u011bt\u00ed. P\u0159ejeme si stejn\u011b  jako Ty, aby nepadly do sp\u00e1ru toho \u201emedv\u011bda\u201c, zlod\u011bje v\u011b\u010dn\u00e9ho \u017eivota.  Dej, a\u0165 na\u0161e d\u011bti milujeme, jako ty jsi miloval n\u00e1s\u2026\u201c<\/p>\n<p>Karel  Stan\u011bk<\/p>\n","protected":false},"excerpt":{"rendered":"<p>Aby medv\u011bdi netrhali d\u011bti Ve star\u00e9m z\u00e1kon\u011b je zaznamenan\u00e1 kr\u00e1tk\u00e1 epizoda, kdy medv\u011bdice roztrhala 42 d\u011bt\u00ed. ( 2. Kr\u00e1l. 2: 23 &#8211; 25) Zd\u00e1lo by se, \u017ee tato epizoda je p\u0159ili\u0161 morbidn\u00ed, ne\u017e aby st\u00e1lo za to nad n\u00ed p\u0159em\u00fd\u0161let\u2026 Mysl\u00edm, \u017ee si m\u016f\u017eeme polo\u017eit ot\u00e1zku, kter\u00e1 se nab\u00edz\u00ed. Pro\u010d d\u011bti jednaly tak, jak jednaly? &hellip; <\/p>\n<p><a class=\"more-link btn\" href=\"https:\/\/deti.casd.cz\/?page_id=858\">Pokra\u010dovat ve \u010dten\u00ed<\/a><\/p>\n","protected":false},"author":1,"featured_media":0,"parent":0,"menu_order":11,"comment_status":"closed","ping_status":"closed","template":"","meta":{"ngg_post_thumbnail":0,"footnotes":""},"class_list":["post-858","page","type-page","status-publish","hentry","nodate","item-wrap"],"_links":{"self":[{"href":"https:\/\/deti.casd.cz\/index.php?rest_route=\/wp\/v2\/pages\/858","targetHints":{"allow":["GET"]}}],"collection":[{"href":"https:\/\/deti.casd.cz\/index.php?rest_route=\/wp\/v2\/pages"}],"about":[{"href":"https:\/\/deti.casd.cz\/index.php?rest_route=\/wp\/v2\/types\/page"}],"author":[{"embeddable":true,"href":"https:\/\/deti.casd.cz\/index.php?rest_route=\/wp\/v2\/users\/1"}],"replies":[{"embeddable":true,"href":"https:\/\/deti.casd.cz\/index.php?rest_route=%2Fwp%2Fv2%2Fcomments&post=858"}],"version-history":[{"count":4,"href":"https:\/\/deti.casd.cz\/index.php?rest_route=\/wp\/v2\/pages\/858\/revisions"}],"predecessor-version":[{"id":907,"href":"https:\/\/deti.casd.cz\/index.php?rest_route=\/wp\/v2\/pages\/858\/revisions\/907"}],"wp:attachment":[{"href":"https:\/\/deti.casd.cz\/index.php?rest_route=%2Fwp%2Fv2%2Fmedia&parent=858"}],"curies":[{"name":"wp","href":"https:\/\/api.w.org\/{rel}","templated":true}]}}